{"version":"1.0","provider_name":"Lokaluthyrning och Fastighetstransaktioner","provider_url":"https:\/\/www.relier.se\/en\/","author_name":"gomo_dev","author_url":"https:\/\/www.relier.se\/en\/author\/gomo_dev\/","title":"MALM\u00d6 Centrum Stortorget 3 - Lokaluthyrning och Fastighetstransaktioner","type":"rich","width":600,"height":338,"html":"<blockquote class=\"wp-embedded-content\" data-secret=\"J6DrsMk84p\"><a href=\"https:\/\/www.relier.se\/en\/lediga-lokaler\/malmo-centrum-stortorget-3-4\/\">MALM\u00d6 Centrum Stortorget 3<\/a><\/blockquote><iframe sandbox=\"allow-scripts\" security=\"restricted\" src=\"https:\/\/www.relier.se\/en\/lediga-lokaler\/malmo-centrum-stortorget-3-4\/embed\/#?secret=J6DrsMk84p\" width=\"600\" height=\"338\" title=\"&#8220;MALM\u00d6 Centrum Stortorget 3&#8221; &#8212; Lokaluthyrning och Fastighetstransaktioner\" data-secret=\"J6DrsMk84p\" frameborder=\"0\" marginwidth=\"0\" marginheight=\"0\" scrolling=\"no\" class=\"wp-embedded-content\"><\/iframe><script>\n\/*! This file is auto-generated *\/\n!function(d,l){\"use strict\";l.querySelector&&d.addEventListener&&\"undefined\"!=typeof URL&&(d.wp=d.wp||{},d.wp.receiveEmbedMessage||(d.wp.receiveEmbedMessage=function(e){var t=e.data;if((t||t.secret||t.message||t.value)&&!\/[^a-zA-Z0-9]\/.test(t.secret)){for(var s,r,n,a=l.querySelectorAll('iframe[data-secret=\"'+t.secret+'\"]'),o=l.querySelectorAll('blockquote[data-secret=\"'+t.secret+'\"]'),c=new RegExp(\"^https?:$\",\"i\"),i=0;i<o.length;i++)o[i].style.display=\"none\";for(i=0;i<a.length;i++)s=a[i],e.source===s.contentWindow&&(s.removeAttribute(\"style\"),\"height\"===t.message?(1e3<(r=parseInt(t.value,10))?r=1e3:~~r<200&&(r=200),s.height=r):\"link\"===t.message&&(r=new URL(s.getAttribute(\"src\")),n=new URL(t.value),c.test(n.protocol))&&n.host===r.host&&l.activeElement===s&&(d.top.location.href=t.value))}},d.addEventListener(\"message\",d.wp.receiveEmbedMessage,!1),l.addEventListener(\"DOMContentLoaded\",function(){for(var e,t,s=l.querySelectorAll(\"iframe.wp-embedded-content\"),r=0;r<s.length;r++)(t=(e=s[r]).getAttribute(\"data-secret\"))||(t=Math.random().toString(36).substring(2,12),e.src+=\"#?secret=\"+t,e.setAttribute(\"data-secret\",t)),e.contentWindow.postMessage({message:\"ready\",secret:t},\"*\")},!1)))}(window,document);\n\/\/# sourceURL=https:\/\/www.relier.se\/wp-includes\/js\/wp-embed.min.js\n<\/script>\n","description":"P\u00e5 utm\u00e4rkt l\u00e4ge vid Stortorget i Malm\u00f6 finns denna butikslokal i entr\u00e9plan om 101 kvm. Lokalen \u00e4r bel\u00e4gen i vacker fastighet med stora f\u00f6nsterpartier och skyltl\u00e4ge mot Stortorget. H\u00e4r \u00e4r bra fl\u00f6de av f\u00f6rbipasserande och n\u00e4rhet till Malm\u00f6 Central med utm\u00e4rkta pendlingsm\u00f6jligheter. De stora f\u00f6nsterpartierna sl\u00e4pper in rikligt med ljus i lokalens fr\u00e4mre del som [&hellip;]"}