{"version":"1.0","provider_name":"Lokaluthyrning och Fastighetstransaktioner","provider_url":"https:\/\/www.relier.se\/en\/","author_name":"gomo_dev","author_url":"https:\/\/www.relier.se\/en\/author\/gomo_dev\/","title":"Hisings Backa Backa berg\u00f6gata 15 - Lokaluthyrning och Fastighetstransaktioner","type":"rich","width":600,"height":338,"html":"<blockquote class=\"wp-embedded-content\" data-secret=\"cWRa7ppjEK\"><a href=\"https:\/\/www.relier.se\/en\/lediga-lokaler\/hisings-backa-backa-bergogata-15-2\/\">Hisings Backa  Backa berg\u00f6gata 15<\/a><\/blockquote><iframe sandbox=\"allow-scripts\" security=\"restricted\" src=\"https:\/\/www.relier.se\/en\/lediga-lokaler\/hisings-backa-backa-bergogata-15-2\/embed\/#?secret=cWRa7ppjEK\" width=\"600\" height=\"338\" title=\"&#8220;Hisings Backa  Backa berg\u00f6gata 15&#8221; &#8212; Lokaluthyrning och Fastighetstransaktioner\" data-secret=\"cWRa7ppjEK\" frameborder=\"0\" marginwidth=\"0\" marginheight=\"0\" scrolling=\"no\" class=\"wp-embedded-content\"><\/iframe><script>\n\/*! This file is auto-generated *\/\n!function(d,l){\"use strict\";l.querySelector&&d.addEventListener&&\"undefined\"!=typeof URL&&(d.wp=d.wp||{},d.wp.receiveEmbedMessage||(d.wp.receiveEmbedMessage=function(e){var t=e.data;if((t||t.secret||t.message||t.value)&&!\/[^a-zA-Z0-9]\/.test(t.secret)){for(var s,r,n,a=l.querySelectorAll('iframe[data-secret=\"'+t.secret+'\"]'),o=l.querySelectorAll('blockquote[data-secret=\"'+t.secret+'\"]'),c=new RegExp(\"^https?:$\",\"i\"),i=0;i<o.length;i++)o[i].style.display=\"none\";for(i=0;i<a.length;i++)s=a[i],e.source===s.contentWindow&&(s.removeAttribute(\"style\"),\"height\"===t.message?(1e3<(r=parseInt(t.value,10))?r=1e3:~~r<200&&(r=200),s.height=r):\"link\"===t.message&&(r=new URL(s.getAttribute(\"src\")),n=new URL(t.value),c.test(n.protocol))&&n.host===r.host&&l.activeElement===s&&(d.top.location.href=t.value))}},d.addEventListener(\"message\",d.wp.receiveEmbedMessage,!1),l.addEventListener(\"DOMContentLoaded\",function(){for(var e,t,s=l.querySelectorAll(\"iframe.wp-embedded-content\"),r=0;r<s.length;r++)(t=(e=s[r]).getAttribute(\"data-secret\"))||(t=Math.random().toString(36).substring(2,12),e.src+=\"#?secret=\"+t,e.setAttribute(\"data-secret\",t)),e.contentWindow.postMessage({message:\"ready\",secret:t},\"*\")},!1)))}(window,document);\n\/\/# sourceURL=https:\/\/www.relier.se\/wp-includes\/js\/wp-embed.min.js\n<\/script>\n","description":"Nu finns m\u00f6jlighet att hyra en v\u00e4lplanerad och l\u00e4ttillg\u00e4nglig kombilokal om totalt 421 m\u00b2, perfekt f\u00f6r f\u00f6retag som s\u00f6ker en flexibel lokal med gott om lagerutrymme, funktionella kontor och smidig \u00e5tkomst. Lokalen erbjuder 258 m\u00b2 lager, 66 m\u00b2 loft samt 97 m\u00b2 kontorsyta. Lagerdelen har en gener\u00f6s takh\u00f6jd p\u00e5 cirka 5 meter i h\u00f6gdelen och [&hellip;]"}